{"id":316,"date":"2019-06-26T14:37:24","date_gmt":"2019-06-26T12:37:24","guid":{"rendered":"https:\/\/www.saveurs-metiers.be\/?page_id=316"},"modified":"2024-11-21T14:49:31","modified_gmt":"2024-11-21T13:49:31","slug":"blog","status":"publish","type":"page","link":"https:\/\/www.saveurs-metiers.be\/fr\/blog\/","title":{"rendered":"Blog"},"content":{"rendered":"\t\t<div data-elementor-type=\"wp-post\" data-elementor-id=\"316\" class=\"elementor elementor-316\" data-elementor-post-type=\"page\">\n\t\t\t\t<div class=\"elementor-element elementor-element-8311026 e-flex e-con-boxed e-con e-parent\" data-id=\"8311026\" data-element_type=\"container\">\n\t\t\t\t\t<div class=\"e-con-inner\">\n\t\t<div class=\"elementor-element elementor-element-bb3d4d0 e-con-full e-flex e-con e-child\" data-id=\"bb3d4d0\" data-element_type=\"container\">\n\t\t\t\t<div class=\"elementor-element elementor-element-2bb4a62 elementor-widget elementor-widget-heading\" data-id=\"2bb4a62\" data-element_type=\"widget\" data-widget_type=\"heading.default\">\n\t\t\t\t<div class=\"elementor-widget-container\">\n\t\t\t\t\t<h1 class=\"elementor-heading-title elementor-size-default\">Bonne lecture sur le blog de Saveurs &amp; M\u00e9tiers<\/h1>\t\t\t\t<\/div>\n\t\t\t\t<\/div>\n\t\t\t\t<div class=\"elementor-element elementor-element-e7405c7 elementor-widget elementor-widget-heading\" data-id=\"e7405c7\" data-element_type=\"widget\" data-widget_type=\"heading.default\">\n\t\t\t\t<div class=\"elementor-widget-container\">\n\t\t\t\t\t<h2 class=\"elementor-heading-title elementor-size-default\">De l'inspiration et des infos savoureuses d\u00e9di\u00e9es aux m\u00e9tiers de bouche et au food retail...<\/h2>\t\t\t\t<\/div>\n\t\t\t\t<\/div>\n\t\t\t\t<\/div>\n\t\t\t\t\t<\/div>\n\t\t\t\t<\/div>\n\t\t<div class=\"elementor-element elementor-element-e1f13f3 e-flex e-con-boxed e-con e-parent\" data-id=\"e1f13f3\" data-element_type=\"container\">\n\t\t\t\t\t<div class=\"e-con-inner\">\n\t\t<div class=\"elementor-element elementor-element-2646412 e-con-full e-flex e-con e-child\" data-id=\"2646412\" data-element_type=\"container\">\n\t\t\t\t<div class=\"elementor-element elementor-element-0a7ea59 elementor-posts__hover-none elementor-grid-3 elementor-grid-tablet-2 elementor-grid-mobile-1 elementor-posts--thumbnail-top elementor-widget elementor-widget-posts\" data-id=\"0a7ea59\" data-element_type=\"widget\" data-settings=\"{&quot;pagination_type&quot;:&quot;numbers_and_prev_next&quot;,&quot;cards_columns&quot;:&quot;3&quot;,&quot;cards_columns_tablet&quot;:&quot;2&quot;,&quot;cards_columns_mobile&quot;:&quot;1&quot;,&quot;cards_row_gap&quot;:{&quot;unit&quot;:&quot;px&quot;,&quot;size&quot;:35,&quot;sizes&quot;:[]},&quot;cards_row_gap_tablet&quot;:{&quot;unit&quot;:&quot;px&quot;,&quot;size&quot;:&quot;&quot;,&quot;sizes&quot;:[]},&quot;cards_row_gap_mobile&quot;:{&quot;unit&quot;:&quot;px&quot;,&quot;size&quot;:&quot;&quot;,&quot;sizes&quot;:[]}}\" data-widget_type=\"posts.cards\">\n\t\t\t\t<div class=\"elementor-widget-container\">\n\t\t\t\t\t\t\t<div class=\"elementor-posts-container elementor-posts elementor-posts--skin-cards elementor-grid\" role=\"list\">\n\t\t\t\t<article class=\"elementor-post elementor-grid-item post-41418 post type-post status-publish format-standard has-post-thumbnail hentry category-non-classifiee\" role=\"listitem\">\n\t\t\t<div class=\"elementor-post__card\">\n\t\t\t\t<a class=\"elementor-post__thumbnail__link\" href=\"https:\/\/www.saveurs-metiers.be\/fr\/design-commercial-en-food-retail\/\" tabindex=\"-1\" ><div class=\"elementor-post__thumbnail\"><img decoding=\"async\" width=\"300\" height=\"162\" src=\"https:\/\/easyfairsassets.com\/sites\/194\/2026\/04\/Header-retail-design-300x162.png\" class=\"attachment-medium size-medium wp-image-41421\" alt=\"\" srcset=\"https:\/\/easyfairsassets.com\/sites\/194\/2026\/04\/Header-retail-design-300x162.png 300w, https:\/\/easyfairsassets.com\/sites\/194\/2026\/04\/Header-retail-design-1024x551.png 1024w, https:\/\/easyfairsassets.com\/sites\/194\/2026\/04\/Header-retail-design-768x414.png 768w, https:\/\/easyfairsassets.com\/sites\/194\/2026\/04\/Header-retail-design-1536x827.png 1536w, https:\/\/easyfairsassets.com\/sites\/194\/2026\/04\/Header-retail-design.png 1920w\" sizes=\"(max-width: 300px) 100vw, 300px\" \/><\/div><\/a>\n\t\t\t\t<div class=\"elementor-post__text\">\n\t\t\t\t<h3 class=\"elementor-post__title\">\n\t\t\t<a href=\"https:\/\/www.saveurs-metiers.be\/fr\/design-commercial-en-food-retail\/\" >\n\t\t\t\tLe design commercial en food retail : tendances, strat\u00e9gies et leviers de performance\t\t\t<\/a>\n\t\t<\/h3>\n\t\t\t\t<div class=\"elementor-post__excerpt\">\n\t\t\t<p>Dans le secteur du food retail, les leviers classiques comme l\u2019assortiment produit ou le pricing restent essentiels. Mais un autre facteur est encore trop souvent sous-estim\u00e9 : le design du\t\t<\/div>\n\t\t\t\t\t<div class=\"elementor-post__read-more-wrapper\">\n\t\t\n\t\t<a class=\"elementor-post__read-more\" href=\"https:\/\/www.saveurs-metiers.be\/fr\/design-commercial-en-food-retail\/\" aria-label=\"Read more about Le design commercial en food retail : tendances, strat\u00e9gies et leviers de performance\" tabindex=\"-1\" >\n\t\t\tLire plus \u00bb\t\t<\/a>\n\n\t\t\t\t\t<\/div>\n\t\t\t\t<\/div>\n\t\t\t\t<div class=\"elementor-post__meta-data\">\n\t\t\t\t\t<span class=\"elementor-post-date\">\n\t\t\tavril 24, 2026\t\t<\/span>\n\t\t\t\t<\/div>\n\t\t\t\t\t<\/div>\n\t\t<\/article>\n\t\t\t\t<article class=\"elementor-post elementor-grid-item post-41381 post type-post status-publish format-standard has-post-thumbnail hentry category-non-classifiee\" role=\"listitem\">\n\t\t\t<div class=\"elementor-post__card\">\n\t\t\t\t<a class=\"elementor-post__thumbnail__link\" href=\"https:\/\/www.saveurs-metiers.be\/fr\/boissons-fermentees\/\" tabindex=\"-1\" ><div class=\"elementor-post__thumbnail\"><img decoding=\"async\" width=\"300\" height=\"162\" src=\"https:\/\/easyfairsassets.com\/sites\/194\/2026\/03\/Header-Boissons-Fermentees-300x162.png\" class=\"attachment-medium size-medium wp-image-41384\" alt=\"\" srcset=\"https:\/\/easyfairsassets.com\/sites\/194\/2026\/03\/Header-Boissons-Fermentees-300x162.png 300w, https:\/\/easyfairsassets.com\/sites\/194\/2026\/03\/Header-Boissons-Fermentees-1024x551.png 1024w, https:\/\/easyfairsassets.com\/sites\/194\/2026\/03\/Header-Boissons-Fermentees-768x414.png 768w, https:\/\/easyfairsassets.com\/sites\/194\/2026\/03\/Header-Boissons-Fermentees-1536x827.png 1536w, https:\/\/easyfairsassets.com\/sites\/194\/2026\/03\/Header-Boissons-Fermentees.png 1920w\" sizes=\"(max-width: 300px) 100vw, 300px\" \/><\/div><\/a>\n\t\t\t\t<div class=\"elementor-post__text\">\n\t\t\t\t<h3 class=\"elementor-post__title\">\n\t\t\t<a href=\"https:\/\/www.saveurs-metiers.be\/fr\/boissons-fermentees\/\" >\n\t\t\t\tDu bio de niche au \u00ab\u00a0mass market\u00a0\u00bb : comment les boissons ferment\u00e9es redessinent le march\u00e9 des boissons\t\t\t<\/a>\n\t\t<\/h3>\n\t\t\t\t<div class=\"elementor-post__excerpt\">\n\t\t\t<p>Longtemps cantonn\u00e9es aux rayons bio et aux circuits alternatifs, les boissons ferment\u00e9es changent aujourd\u2019hui de dimension. Kombucha, k\u00e9fir et autres boissons \u00ab probiotiques \u00bb s\u2019invitent progressivement dans les rayons des\t\t<\/div>\n\t\t\t\t\t<div class=\"elementor-post__read-more-wrapper\">\n\t\t\n\t\t<a class=\"elementor-post__read-more\" href=\"https:\/\/www.saveurs-metiers.be\/fr\/boissons-fermentees\/\" aria-label=\"Read more about Du bio de niche au \u00ab\u00a0mass market\u00a0\u00bb : comment les boissons ferment\u00e9es redessinent le march\u00e9 des boissons\" tabindex=\"-1\" >\n\t\t\tLire plus \u00bb\t\t<\/a>\n\n\t\t\t\t\t<\/div>\n\t\t\t\t<\/div>\n\t\t\t\t<div class=\"elementor-post__meta-data\">\n\t\t\t\t\t<span class=\"elementor-post-date\">\n\t\t\tmars 23, 2026\t\t<\/span>\n\t\t\t\t<\/div>\n\t\t\t\t\t<\/div>\n\t\t<\/article>\n\t\t\t\t<article class=\"elementor-post elementor-grid-item post-41368 post type-post status-publish format-standard has-post-thumbnail hentry category-non-classifiee\" role=\"listitem\">\n\t\t\t<div class=\"elementor-post__card\">\n\t\t\t\t<a class=\"elementor-post__thumbnail__link\" href=\"https:\/\/www.saveurs-metiers.be\/fr\/artisans-specialises-certification\/\" tabindex=\"-1\" ><div class=\"elementor-post__thumbnail\"><img decoding=\"async\" width=\"300\" height=\"162\" src=\"https:\/\/easyfairsassets.com\/sites\/194\/2026\/03\/Header-certification-artisans-specialises-300x162.png\" class=\"attachment-medium size-medium wp-image-41371\" alt=\"\" srcset=\"https:\/\/easyfairsassets.com\/sites\/194\/2026\/03\/Header-certification-artisans-specialises-300x162.png 300w, https:\/\/easyfairsassets.com\/sites\/194\/2026\/03\/Header-certification-artisans-specialises-1024x551.png 1024w, https:\/\/easyfairsassets.com\/sites\/194\/2026\/03\/Header-certification-artisans-specialises-768x414.png 768w, https:\/\/easyfairsassets.com\/sites\/194\/2026\/03\/Header-certification-artisans-specialises-1536x827.png 1536w, https:\/\/easyfairsassets.com\/sites\/194\/2026\/03\/Header-certification-artisans-specialises.png 1920w\" sizes=\"(max-width: 300px) 100vw, 300px\" \/><\/div><\/a>\n\t\t\t\t<div class=\"elementor-post__text\">\n\t\t\t\t<h3 class=\"elementor-post__title\">\n\t\t\t<a href=\"https:\/\/www.saveurs-metiers.be\/fr\/artisans-specialises-certification\/\" >\n\t\t\t\t\u00ab\u00a0Artisans Sp\u00e9cialis\u00e9s\u00a0\u00bb : un nouveau niveau de reconnaissance pour les m\u00e9tiers de bouche en Belgique\t\t\t<\/a>\n\t\t<\/h3>\n\t\t\t\t<div class=\"elementor-post__excerpt\">\n\t\t\t<p>En mars dernier, la Ministre f\u00e9d\u00e9rale des Classes Moyennes, des Ind\u00e9pendants et des PME, El\u00e9onore Simonet a annonc\u00e9 la cr\u00e9ation d\u2019un tout nouveau statut : celui d\u2019artisan sp\u00e9cialis\u00e9, une reconnaissance\t\t<\/div>\n\t\t\t\t\t<div class=\"elementor-post__read-more-wrapper\">\n\t\t\n\t\t<a class=\"elementor-post__read-more\" href=\"https:\/\/www.saveurs-metiers.be\/fr\/artisans-specialises-certification\/\" aria-label=\"Read more about \u00ab\u00a0Artisans Sp\u00e9cialis\u00e9s\u00a0\u00bb : un nouveau niveau de reconnaissance pour les m\u00e9tiers de bouche en Belgique\" tabindex=\"-1\" >\n\t\t\tLire plus \u00bb\t\t<\/a>\n\n\t\t\t\t\t<\/div>\n\t\t\t\t<\/div>\n\t\t\t\t<div class=\"elementor-post__meta-data\">\n\t\t\t\t\t<span class=\"elementor-post-date\">\n\t\t\tmars 23, 2026\t\t<\/span>\n\t\t\t\t<\/div>\n\t\t\t\t\t<\/div>\n\t\t<\/article>\n\t\t\t\t<article class=\"elementor-post elementor-grid-item post-41331 post type-post status-publish format-standard has-post-thumbnail hentry category-non-classifiee\" role=\"listitem\">\n\t\t\t<div class=\"elementor-post__card\">\n\t\t\t\t<a class=\"elementor-post__thumbnail__link\" href=\"https:\/\/www.saveurs-metiers.be\/fr\/hygiene-alimentaire-supermarches-belges\/\" tabindex=\"-1\" ><div class=\"elementor-post__thumbnail\"><img loading=\"lazy\" decoding=\"async\" width=\"300\" height=\"162\" src=\"https:\/\/easyfairsassets.com\/sites\/194\/2026\/02\/Header-hygiene-alimentaire-supermarches-300x162.png\" class=\"attachment-medium size-medium wp-image-41334\" alt=\"\" srcset=\"https:\/\/easyfairsassets.com\/sites\/194\/2026\/02\/Header-hygiene-alimentaire-supermarches-300x162.png 300w, https:\/\/easyfairsassets.com\/sites\/194\/2026\/02\/Header-hygiene-alimentaire-supermarches-1024x551.png 1024w, https:\/\/easyfairsassets.com\/sites\/194\/2026\/02\/Header-hygiene-alimentaire-supermarches-768x414.png 768w, https:\/\/easyfairsassets.com\/sites\/194\/2026\/02\/Header-hygiene-alimentaire-supermarches-1536x827.png 1536w, https:\/\/easyfairsassets.com\/sites\/194\/2026\/02\/Header-hygiene-alimentaire-supermarches.png 1920w\" sizes=\"(max-width: 300px) 100vw, 300px\" \/><\/div><\/a>\n\t\t\t\t<div class=\"elementor-post__text\">\n\t\t\t\t<h3 class=\"elementor-post__title\">\n\t\t\t<a href=\"https:\/\/www.saveurs-metiers.be\/fr\/hygiene-alimentaire-supermarches-belges\/\" >\n\t\t\t\tLes supermarch\u00e9s belges, champions de l\u2019hygi\u00e8ne : un signal fort pour la distribution alimentaire\t\t\t<\/a>\n\t\t<\/h3>\n\t\t\t\t<div class=\"elementor-post__excerpt\">\n\t\t\t<p>La transparence en mati\u00e8re de s\u00e9curit\u00e9 alimentaire franchit un cap en Belgique. Depuis peu, les consommateurs peuvent consulter en ligne les r\u00e9sultats des inspections r\u00e9alis\u00e9es par l\u2019Agence f\u00e9d\u00e9rale pour la\t\t<\/div>\n\t\t\t\t\t<div class=\"elementor-post__read-more-wrapper\">\n\t\t\n\t\t<a class=\"elementor-post__read-more\" href=\"https:\/\/www.saveurs-metiers.be\/fr\/hygiene-alimentaire-supermarches-belges\/\" aria-label=\"Read more about Les supermarch\u00e9s belges, champions de l\u2019hygi\u00e8ne : un signal fort pour la distribution alimentaire\" tabindex=\"-1\" >\n\t\t\tLire plus \u00bb\t\t<\/a>\n\n\t\t\t\t\t<\/div>\n\t\t\t\t<\/div>\n\t\t\t\t<div class=\"elementor-post__meta-data\">\n\t\t\t\t\t<span class=\"elementor-post-date\">\n\t\t\tf\u00e9vrier 13, 2026\t\t<\/span>\n\t\t\t\t<\/div>\n\t\t\t\t\t<\/div>\n\t\t<\/article>\n\t\t\t\t<article class=\"elementor-post elementor-grid-item post-41299 post type-post status-publish format-standard has-post-thumbnail hentry category-non-classifiee\" role=\"listitem\">\n\t\t\t<div class=\"elementor-post__card\">\n\t\t\t\t<a class=\"elementor-post__thumbnail__link\" href=\"https:\/\/www.saveurs-metiers.be\/fr\/croissant-tendances-viennoiserie\/\" tabindex=\"-1\" ><div class=\"elementor-post__thumbnail\"><img loading=\"lazy\" decoding=\"async\" width=\"300\" height=\"162\" src=\"https:\/\/easyfairsassets.com\/sites\/194\/2026\/01\/Header-article-croissant-300x162.png\" class=\"attachment-medium size-medium wp-image-41302\" alt=\"\" srcset=\"https:\/\/easyfairsassets.com\/sites\/194\/2026\/01\/Header-article-croissant-300x162.png 300w, https:\/\/easyfairsassets.com\/sites\/194\/2026\/01\/Header-article-croissant-1024x551.png 1024w, https:\/\/easyfairsassets.com\/sites\/194\/2026\/01\/Header-article-croissant-768x414.png 768w, https:\/\/easyfairsassets.com\/sites\/194\/2026\/01\/Header-article-croissant-1536x827.png 1536w, https:\/\/easyfairsassets.com\/sites\/194\/2026\/01\/Header-article-croissant.png 1920w\" sizes=\"(max-width: 300px) 100vw, 300px\" \/><\/div><\/a>\n\t\t\t\t<div class=\"elementor-post__text\">\n\t\t\t\t<h3 class=\"elementor-post__title\">\n\t\t\t<a href=\"https:\/\/www.saveurs-metiers.be\/fr\/croissant-tendances-viennoiserie\/\" >\n\t\t\t\tLe croissant, star mondiale, entre tradition et cr\u00e9ativit\u00e9\t\t\t<\/a>\n\t\t<\/h3>\n\t\t\t\t<div class=\"elementor-post__excerpt\">\n\t\t\t<p>C\u2019est sans nul doute l\u2019une des viennoiseries les plus reconnaissables et d\u00e9gust\u00e9es au monde. Dor\u00e9, feuillet\u00e9, croustillant, le croissant est la star incontest\u00e9e des petits-d\u00e9jeuners\u2026 au point de se voir\t\t<\/div>\n\t\t\t\t\t<div class=\"elementor-post__read-more-wrapper\">\n\t\t\n\t\t<a class=\"elementor-post__read-more\" href=\"https:\/\/www.saveurs-metiers.be\/fr\/croissant-tendances-viennoiserie\/\" aria-label=\"Read more about Le croissant, star mondiale, entre tradition et cr\u00e9ativit\u00e9\" tabindex=\"-1\" >\n\t\t\tLire plus \u00bb\t\t<\/a>\n\n\t\t\t\t\t<\/div>\n\t\t\t\t<\/div>\n\t\t\t\t<div class=\"elementor-post__meta-data\">\n\t\t\t\t\t<span class=\"elementor-post-date\">\n\t\t\tjanvier 16, 2026\t\t<\/span>\n\t\t\t\t<\/div>\n\t\t\t\t\t<\/div>\n\t\t<\/article>\n\t\t\t\t<article class=\"elementor-post elementor-grid-item post-41144 post type-post status-publish format-standard has-post-thumbnail hentry category-non-classifiee\" role=\"listitem\">\n\t\t\t<div class=\"elementor-post__card\">\n\t\t\t\t<a class=\"elementor-post__thumbnail__link\" href=\"https:\/\/www.saveurs-metiers.be\/fr\/le-boudin-blanc-de-liege-decroche-le-label-igp\/\" tabindex=\"-1\" ><div class=\"elementor-post__thumbnail\"><img loading=\"lazy\" decoding=\"async\" width=\"300\" height=\"162\" src=\"https:\/\/easyfairsassets.com\/sites\/194\/2025\/11\/Header-boudin-liege-igp-300x162.png\" class=\"attachment-medium size-medium wp-image-41147\" alt=\"\" srcset=\"https:\/\/easyfairsassets.com\/sites\/194\/2025\/11\/Header-boudin-liege-igp-300x162.png 300w, https:\/\/easyfairsassets.com\/sites\/194\/2025\/11\/Header-boudin-liege-igp-1024x551.png 1024w, https:\/\/easyfairsassets.com\/sites\/194\/2025\/11\/Header-boudin-liege-igp-768x414.png 768w, https:\/\/easyfairsassets.com\/sites\/194\/2025\/11\/Header-boudin-liege-igp-1536x827.png 1536w, https:\/\/easyfairsassets.com\/sites\/194\/2025\/11\/Header-boudin-liege-igp.png 1920w\" sizes=\"(max-width: 300px) 100vw, 300px\" \/><\/div><\/a>\n\t\t\t\t<div class=\"elementor-post__text\">\n\t\t\t\t<h3 class=\"elementor-post__title\">\n\t\t\t<a href=\"https:\/\/www.saveurs-metiers.be\/fr\/le-boudin-blanc-de-liege-decroche-le-label-igp\/\" >\n\t\t\t\tLe Boudin blanc de Li\u00e8ge d\u00e9croche le label IGP\t\t\t<\/a>\n\t\t<\/h3>\n\t\t\t\t<div class=\"elementor-post__excerpt\">\n\t\t\t<p><strong>Novembre 2025<\/strong> &#8211; L&rsquo;ann\u00e9e 2025 est d\u00e9cid\u00e9ment un bon cru pour les produits du terroir wallon ! Apr\u00e8s le Miel wallon en d\u00e9but d&rsquo;ann\u00e9e, c&rsquo;est le Boudin blanc de Li\u00e8ge\t\t<\/div>\n\t\t\t\t\t<div class=\"elementor-post__read-more-wrapper\">\n\t\t\n\t\t<a class=\"elementor-post__read-more\" href=\"https:\/\/www.saveurs-metiers.be\/fr\/le-boudin-blanc-de-liege-decroche-le-label-igp\/\" aria-label=\"Read more about Le Boudin blanc de Li\u00e8ge d\u00e9croche le label IGP\" tabindex=\"-1\" >\n\t\t\tLire plus \u00bb\t\t<\/a>\n\n\t\t\t\t\t<\/div>\n\t\t\t\t<\/div>\n\t\t\t\t<div class=\"elementor-post__meta-data\">\n\t\t\t\t\t<span class=\"elementor-post-date\">\n\t\t\tnovembre 24, 2025\t\t<\/span>\n\t\t\t\t<\/div>\n\t\t\t\t\t<\/div>\n\t\t<\/article>\n\t\t\t\t<article class=\"elementor-post elementor-grid-item post-41070 post type-post status-publish format-standard has-post-thumbnail hentry category-non-classifiee\" role=\"listitem\">\n\t\t\t<div class=\"elementor-post__card\">\n\t\t\t\t<a class=\"elementor-post__thumbnail__link\" href=\"https:\/\/www.saveurs-metiers.be\/fr\/marketing-alimentaire-un-code-plus-strict-pour-proteger-les-jeunes-consommateurs\/\" tabindex=\"-1\" ><div class=\"elementor-post__thumbnail\"><img loading=\"lazy\" decoding=\"async\" width=\"300\" height=\"162\" src=\"https:\/\/easyfairsassets.com\/sites\/194\/2025\/10\/Header-regles-publicite-malbouffe-300x162.png\" class=\"attachment-medium size-medium wp-image-41073\" alt=\"\" srcset=\"https:\/\/easyfairsassets.com\/sites\/194\/2025\/10\/Header-regles-publicite-malbouffe-300x162.png 300w, https:\/\/easyfairsassets.com\/sites\/194\/2025\/10\/Header-regles-publicite-malbouffe-1024x551.png 1024w, https:\/\/easyfairsassets.com\/sites\/194\/2025\/10\/Header-regles-publicite-malbouffe-768x414.png 768w, https:\/\/easyfairsassets.com\/sites\/194\/2025\/10\/Header-regles-publicite-malbouffe-1536x827.png 1536w, https:\/\/easyfairsassets.com\/sites\/194\/2025\/10\/Header-regles-publicite-malbouffe.png 1920w\" sizes=\"(max-width: 300px) 100vw, 300px\" \/><\/div><\/a>\n\t\t\t\t<div class=\"elementor-post__text\">\n\t\t\t\t<h3 class=\"elementor-post__title\">\n\t\t\t<a href=\"https:\/\/www.saveurs-metiers.be\/fr\/marketing-alimentaire-un-code-plus-strict-pour-proteger-les-jeunes-consommateurs\/\" >\n\t\t\t\tMarketing alimentaire : un code plus strict pour prot\u00e9ger les jeunes consommateurs\t\t\t<\/a>\n\t\t<\/h3>\n\t\t\t\t<div class=\"elementor-post__excerpt\">\n\t\t\t<p>\u00c0 partir du 1er janvier 2026, les entreprises du secteur alimentaire, les commer\u00e7ants et les cha\u00eenes de restauration ne pourront plus cibler les jeunes de moins de 16 ans avec\t\t<\/div>\n\t\t\t\t\t<div class=\"elementor-post__read-more-wrapper\">\n\t\t\n\t\t<a class=\"elementor-post__read-more\" href=\"https:\/\/www.saveurs-metiers.be\/fr\/marketing-alimentaire-un-code-plus-strict-pour-proteger-les-jeunes-consommateurs\/\" aria-label=\"Read more about Marketing alimentaire : un code plus strict pour prot\u00e9ger les jeunes consommateurs\" tabindex=\"-1\" >\n\t\t\tLire plus \u00bb\t\t<\/a>\n\n\t\t\t\t\t<\/div>\n\t\t\t\t<\/div>\n\t\t\t\t<div class=\"elementor-post__meta-data\">\n\t\t\t\t\t<span class=\"elementor-post-date\">\n\t\t\toctobre 28, 2025\t\t<\/span>\n\t\t\t\t<\/div>\n\t\t\t\t\t<\/div>\n\t\t<\/article>\n\t\t\t\t<article class=\"elementor-post elementor-grid-item post-41060 post type-post status-publish format-standard has-post-thumbnail hentry category-non-classifiee\" role=\"listitem\">\n\t\t\t<div class=\"elementor-post__card\">\n\t\t\t\t<a class=\"elementor-post__thumbnail__link\" href=\"https:\/\/www.saveurs-metiers.be\/fr\/fetes-de-fin-dannee-comment-les-belges-achetent-ils-et-choisissent-ils-leurs-boissons\/\" tabindex=\"-1\" ><div class=\"elementor-post__thumbnail\"><img loading=\"lazy\" decoding=\"async\" width=\"300\" height=\"162\" src=\"https:\/\/easyfairsassets.com\/sites\/194\/2025\/10\/Header-boissons-fetes-fin-dannee-300x162.png\" class=\"attachment-medium size-medium wp-image-41063\" alt=\"\" srcset=\"https:\/\/easyfairsassets.com\/sites\/194\/2025\/10\/Header-boissons-fetes-fin-dannee-300x162.png 300w, https:\/\/easyfairsassets.com\/sites\/194\/2025\/10\/Header-boissons-fetes-fin-dannee-1024x551.png 1024w, https:\/\/easyfairsassets.com\/sites\/194\/2025\/10\/Header-boissons-fetes-fin-dannee-768x414.png 768w, https:\/\/easyfairsassets.com\/sites\/194\/2025\/10\/Header-boissons-fetes-fin-dannee-1536x827.png 1536w, https:\/\/easyfairsassets.com\/sites\/194\/2025\/10\/Header-boissons-fetes-fin-dannee.png 1920w\" sizes=\"(max-width: 300px) 100vw, 300px\" \/><\/div><\/a>\n\t\t\t\t<div class=\"elementor-post__text\">\n\t\t\t\t<h3 class=\"elementor-post__title\">\n\t\t\t<a href=\"https:\/\/www.saveurs-metiers.be\/fr\/fetes-de-fin-dannee-comment-les-belges-achetent-ils-et-choisissent-ils-leurs-boissons\/\" >\n\t\t\t\tF\u00eates de fin d&rsquo;ann\u00e9e : comment les Belges ach\u00e8tent-ils et choisissent-ils leurs boissons ?\t\t\t<\/a>\n\t\t<\/h3>\n\t\t\t\t<div class=\"elementor-post__excerpt\">\n\t\t\t<p>\u00c0 l\u2019approche des f\u00eates, les achats de boissons \u2013 alcoolis\u00e9es ou non \u2013 connaissent un v\u00e9ritable pic. Une enqu\u00eate men\u00e9e par Gondola (n\u00b0298, septembre 2025) et le bureau d\u2019\u00e9tudes Buffl\t\t<\/div>\n\t\t\t\t\t<div class=\"elementor-post__read-more-wrapper\">\n\t\t\n\t\t<a class=\"elementor-post__read-more\" href=\"https:\/\/www.saveurs-metiers.be\/fr\/fetes-de-fin-dannee-comment-les-belges-achetent-ils-et-choisissent-ils-leurs-boissons\/\" aria-label=\"Read more about F\u00eates de fin d&rsquo;ann\u00e9e : comment les Belges ach\u00e8tent-ils et choisissent-ils leurs boissons ?\" tabindex=\"-1\" >\n\t\t\tLire plus \u00bb\t\t<\/a>\n\n\t\t\t\t\t<\/div>\n\t\t\t\t<\/div>\n\t\t\t\t<div class=\"elementor-post__meta-data\">\n\t\t\t\t\t<span class=\"elementor-post-date\">\n\t\t\toctobre 28, 2025\t\t<\/span>\n\t\t\t\t<\/div>\n\t\t\t\t\t<\/div>\n\t\t<\/article>\n\t\t\t\t<article class=\"elementor-post elementor-grid-item post-40973 post type-post status-publish format-standard has-post-thumbnail hentry category-non-classifiee\" role=\"listitem\">\n\t\t\t<div class=\"elementor-post__card\">\n\t\t\t\t<a class=\"elementor-post__thumbnail__link\" href=\"https:\/\/www.saveurs-metiers.be\/fr\/retour-sur-evenement-notre-equipe-a-visite-la-foire-annuelle-carrefour-2025\/\" tabindex=\"-1\" ><div class=\"elementor-post__thumbnail\"><img loading=\"lazy\" decoding=\"async\" width=\"300\" height=\"162\" src=\"https:\/\/easyfairsassets.com\/sites\/194\/2025\/09\/Header-foire-carrefour-2025-300x162.png\" class=\"attachment-medium size-medium wp-image-40976\" alt=\"\" srcset=\"https:\/\/easyfairsassets.com\/sites\/194\/2025\/09\/Header-foire-carrefour-2025-300x162.png 300w, https:\/\/easyfairsassets.com\/sites\/194\/2025\/09\/Header-foire-carrefour-2025-1024x551.png 1024w, https:\/\/easyfairsassets.com\/sites\/194\/2025\/09\/Header-foire-carrefour-2025-768x414.png 768w, https:\/\/easyfairsassets.com\/sites\/194\/2025\/09\/Header-foire-carrefour-2025-1536x827.png 1536w, https:\/\/easyfairsassets.com\/sites\/194\/2025\/09\/Header-foire-carrefour-2025.png 1920w\" sizes=\"(max-width: 300px) 100vw, 300px\" \/><\/div><\/a>\n\t\t\t\t<div class=\"elementor-post__text\">\n\t\t\t\t<h3 class=\"elementor-post__title\">\n\t\t\t<a href=\"https:\/\/www.saveurs-metiers.be\/fr\/retour-sur-evenement-notre-equipe-a-visite-la-foire-annuelle-carrefour-2025\/\" >\n\t\t\t\tRetour sur \u00e9v\u00e9nement : notre \u00e9quipe a visit\u00e9 la Foire annuelle de Carrefour Belgique\t\t\t<\/a>\n\t\t<\/h3>\n\t\t\t\t<div class=\"elementor-post__excerpt\">\n\t\t\t<p><strong>Septembre 2025<\/strong> &#8211; Les 10 et 11 septembre derniers, notre \u00e9quipe a eu l\u2019opportunit\u00e9 de visiter la foire annuelle de Carrefour Belgique. L\u2019enseigne rassemblait ses \u00e9quipes, ses responsables de magasin,\t\t<\/div>\n\t\t\t\t\t<div class=\"elementor-post__read-more-wrapper\">\n\t\t\n\t\t<a class=\"elementor-post__read-more\" href=\"https:\/\/www.saveurs-metiers.be\/fr\/retour-sur-evenement-notre-equipe-a-visite-la-foire-annuelle-carrefour-2025\/\" aria-label=\"Read more about Retour sur \u00e9v\u00e9nement : notre \u00e9quipe a visit\u00e9 la Foire annuelle de Carrefour Belgique\" tabindex=\"-1\" >\n\t\t\tLire plus \u00bb\t\t<\/a>\n\n\t\t\t\t\t<\/div>\n\t\t\t\t<\/div>\n\t\t\t\t<div class=\"elementor-post__meta-data\">\n\t\t\t\t\t<span class=\"elementor-post-date\">\n\t\t\tseptembre 26, 2025\t\t<\/span>\n\t\t\t\t<\/div>\n\t\t\t\t\t<\/div>\n\t\t<\/article>\n\t\t\t\t<article class=\"elementor-post elementor-grid-item post-40954 post type-post status-publish format-standard has-post-thumbnail hentry category-non-classifiee\" role=\"listitem\">\n\t\t\t<div class=\"elementor-post__card\">\n\t\t\t\t<a class=\"elementor-post__thumbnail__link\" href=\"https:\/\/www.saveurs-metiers.be\/fr\/alternatives-vegetales-au-poisson-une-tendance-qui-prend-le-large\/\" tabindex=\"-1\" ><div class=\"elementor-post__thumbnail\"><img loading=\"lazy\" decoding=\"async\" width=\"300\" height=\"162\" src=\"https:\/\/easyfairsassets.com\/sites\/194\/2025\/09\/Poisson-vegetal-300x162.png\" class=\"attachment-medium size-medium wp-image-40957\" alt=\"\" srcset=\"https:\/\/easyfairsassets.com\/sites\/194\/2025\/09\/Poisson-vegetal-300x162.png 300w, https:\/\/easyfairsassets.com\/sites\/194\/2025\/09\/Poisson-vegetal-1024x551.png 1024w, https:\/\/easyfairsassets.com\/sites\/194\/2025\/09\/Poisson-vegetal-768x414.png 768w, https:\/\/easyfairsassets.com\/sites\/194\/2025\/09\/Poisson-vegetal-1536x827.png 1536w, https:\/\/easyfairsassets.com\/sites\/194\/2025\/09\/Poisson-vegetal.png 1920w\" sizes=\"(max-width: 300px) 100vw, 300px\" \/><\/div><\/a>\n\t\t\t\t<div class=\"elementor-post__text\">\n\t\t\t\t<h3 class=\"elementor-post__title\">\n\t\t\t<a href=\"https:\/\/www.saveurs-metiers.be\/fr\/alternatives-vegetales-au-poisson-une-tendance-qui-prend-le-large\/\" >\n\t\t\t\tAlternatives v\u00e9g\u00e9tales au poisson : une tendance qui prend le large\t\t\t<\/a>\n\t\t<\/h3>\n\t\t\t\t<div class=\"elementor-post__excerpt\">\n\t\t\t<p>Face \u00e0 la surexploitation des oc\u00e9ans et aux pr\u00e9occupations croissantes en mati\u00e8re de bien-\u00eatre animal, les alternatives v\u00e9g\u00e9tales au poisson gagnent progressivement les faveurs des consommateurs, de plus en plus\t\t<\/div>\n\t\t\t\t\t<div class=\"elementor-post__read-more-wrapper\">\n\t\t\n\t\t<a class=\"elementor-post__read-more\" href=\"https:\/\/www.saveurs-metiers.be\/fr\/alternatives-vegetales-au-poisson-une-tendance-qui-prend-le-large\/\" aria-label=\"Read more about Alternatives v\u00e9g\u00e9tales au poisson : une tendance qui prend le large\" tabindex=\"-1\" >\n\t\t\tLire plus \u00bb\t\t<\/a>\n\n\t\t\t\t\t<\/div>\n\t\t\t\t<\/div>\n\t\t\t\t<div class=\"elementor-post__meta-data\">\n\t\t\t\t\t<span class=\"elementor-post-date\">\n\t\t\tseptembre 22, 2025\t\t<\/span>\n\t\t\t\t<\/div>\n\t\t\t\t\t<\/div>\n\t\t<\/article>\n\t\t\t\t<article class=\"elementor-post elementor-grid-item post-40695 post type-post status-publish format-standard has-post-thumbnail hentry category-non-classifiee\" role=\"listitem\">\n\t\t\t<div class=\"elementor-post__card\">\n\t\t\t\t<a class=\"elementor-post__thumbnail__link\" href=\"https:\/\/www.saveurs-metiers.be\/fr\/les-produits-ethniques-et-epices-en-plein-essor\/\" tabindex=\"-1\" ><div class=\"elementor-post__thumbnail\"><img loading=\"lazy\" decoding=\"async\" width=\"300\" height=\"162\" src=\"https:\/\/easyfairsassets.com\/sites\/194\/2025\/05\/header-saveurs-du-monde-300x162.png\" class=\"attachment-medium size-medium wp-image-40698\" alt=\"\" srcset=\"https:\/\/easyfairsassets.com\/sites\/194\/2025\/05\/header-saveurs-du-monde-300x162.png 300w, https:\/\/easyfairsassets.com\/sites\/194\/2025\/05\/header-saveurs-du-monde-1024x551.png 1024w, https:\/\/easyfairsassets.com\/sites\/194\/2025\/05\/header-saveurs-du-monde-768x414.png 768w, https:\/\/easyfairsassets.com\/sites\/194\/2025\/05\/header-saveurs-du-monde-1536x827.png 1536w, https:\/\/easyfairsassets.com\/sites\/194\/2025\/05\/header-saveurs-du-monde.png 1920w\" sizes=\"(max-width: 300px) 100vw, 300px\" \/><\/div><\/a>\n\t\t\t\t<div class=\"elementor-post__text\">\n\t\t\t\t<h3 class=\"elementor-post__title\">\n\t\t\t<a href=\"https:\/\/www.saveurs-metiers.be\/fr\/les-produits-ethniques-et-epices-en-plein-essor\/\" >\n\t\t\t\tLes produits ethniques et \u00e9pices en plein essor !\t\t\t<\/a>\n\t\t<\/h3>\n\t\t\t\t<div class=\"elementor-post__excerpt\">\n\t\t\t<p>Cuisine asiatique, saveurs tex-mex s\u00e9duisent les consommateurs. Comment les enseignes s\u2019adaptent-elles ? Comment les saveurs du monde dopent-elles le rayon \u00e9pices, apportant leur lot de nouvelles r\u00e9f\u00e9rences ? Quelles opportunit\u00e9s\t\t<\/div>\n\t\t\t\t\t<div class=\"elementor-post__read-more-wrapper\">\n\t\t\n\t\t<a class=\"elementor-post__read-more\" href=\"https:\/\/www.saveurs-metiers.be\/fr\/les-produits-ethniques-et-epices-en-plein-essor\/\" aria-label=\"Read more about Les produits ethniques et \u00e9pices en plein essor !\" tabindex=\"-1\" >\n\t\t\tLire plus \u00bb\t\t<\/a>\n\n\t\t\t\t\t<\/div>\n\t\t\t\t<\/div>\n\t\t\t\t<div class=\"elementor-post__meta-data\">\n\t\t\t\t\t<span class=\"elementor-post-date\">\n\t\t\tmai 30, 2025\t\t<\/span>\n\t\t\t\t<\/div>\n\t\t\t\t\t<\/div>\n\t\t<\/article>\n\t\t\t\t<article class=\"elementor-post elementor-grid-item post-40598 post type-post status-publish format-standard has-post-thumbnail hentry category-non-classifiee\" role=\"listitem\">\n\t\t\t<div class=\"elementor-post__card\">\n\t\t\t\t<a class=\"elementor-post__thumbnail__link\" href=\"https:\/\/www.saveurs-metiers.be\/fr\/paques-dou-vient-la-tradition-doffrir-des-oeufs-a-paques\/\" tabindex=\"-1\" ><div class=\"elementor-post__thumbnail\"><img loading=\"lazy\" decoding=\"async\" width=\"300\" height=\"162\" src=\"https:\/\/easyfairsassets.com\/sites\/194\/2025\/04\/Header-oeufs-chocolat-300x162.png\" class=\"attachment-medium size-medium wp-image-40601\" alt=\"\" srcset=\"https:\/\/easyfairsassets.com\/sites\/194\/2025\/04\/Header-oeufs-chocolat-300x162.png 300w, https:\/\/easyfairsassets.com\/sites\/194\/2025\/04\/Header-oeufs-chocolat-1024x551.png 1024w, https:\/\/easyfairsassets.com\/sites\/194\/2025\/04\/Header-oeufs-chocolat-768x414.png 768w, https:\/\/easyfairsassets.com\/sites\/194\/2025\/04\/Header-oeufs-chocolat-1536x827.png 1536w, https:\/\/easyfairsassets.com\/sites\/194\/2025\/04\/Header-oeufs-chocolat.png 1920w\" sizes=\"(max-width: 300px) 100vw, 300px\" \/><\/div><\/a>\n\t\t\t\t<div class=\"elementor-post__text\">\n\t\t\t\t<h3 class=\"elementor-post__title\">\n\t\t\t<a href=\"https:\/\/www.saveurs-metiers.be\/fr\/paques-dou-vient-la-tradition-doffrir-des-oeufs-a-paques\/\" >\n\t\t\t\tP\u00e2ques : d\u2019o\u00f9 vient la tradition d\u2019offrir des \u0153ufs \u00e0 P\u00e2ques ?\t\t\t<\/a>\n\t\t<\/h3>\n\t\t\t\t<div class=\"elementor-post__excerpt\">\n\t\t\t<p>\u00c0 l\u2019approche de P\u00e2ques, les chocolatiers se pr\u00e9parent \u00e0 r\u00e9galer petits et grands avec leurs cr\u00e9ations, et parmi les symboles incontournables de cette f\u00eate, l\u2019\u0153uf tient une place de choix.\t\t<\/div>\n\t\t\t\t\t<div class=\"elementor-post__read-more-wrapper\">\n\t\t\n\t\t<a class=\"elementor-post__read-more\" href=\"https:\/\/www.saveurs-metiers.be\/fr\/paques-dou-vient-la-tradition-doffrir-des-oeufs-a-paques\/\" aria-label=\"Read more about P\u00e2ques : d\u2019o\u00f9 vient la tradition d\u2019offrir des \u0153ufs \u00e0 P\u00e2ques ?\" tabindex=\"-1\" >\n\t\t\tLire plus \u00bb\t\t<\/a>\n\n\t\t\t\t\t<\/div>\n\t\t\t\t<\/div>\n\t\t\t\t<div class=\"elementor-post__meta-data\">\n\t\t\t\t\t<span class=\"elementor-post-date\">\n\t\t\tavril 15, 2025\t\t<\/span>\n\t\t\t\t<\/div>\n\t\t\t\t\t<\/div>\n\t\t<\/article>\n\t\t\t\t<\/div>\n\t\t\n\t\t\t\t<div class=\"e-load-more-anchor\" data-page=\"1\" data-max-page=\"4\" data-next-page=\"https:\/\/www.saveurs-metiers.be\/fr\/wp-json\/wp\/v2\/pages\/316\/page\/2\/\"><\/div>\n\t\t\t\t<nav class=\"elementor-pagination\" aria-label=\"Pagination\">\n\t\t\t<span class=\"page-numbers prev\">&laquo; Previous<\/span>\n<span aria-current=\"page\" class=\"page-numbers current\"><span class=\"elementor-screen-only\">Page<\/span>1<\/span>\n<a class=\"page-numbers\" href=\"https:\/\/www.saveurs-metiers.be\/fr\/wp-json\/wp\/v2\/pages\/316\/page\/2\/\"><span class=\"elementor-screen-only\">Page<\/span>2<\/a>\n<a class=\"page-numbers\" href=\"https:\/\/www.saveurs-metiers.be\/fr\/wp-json\/wp\/v2\/pages\/316\/page\/3\/\"><span class=\"elementor-screen-only\">Page<\/span>3<\/a>\n<a class=\"page-numbers\" href=\"https:\/\/www.saveurs-metiers.be\/fr\/wp-json\/wp\/v2\/pages\/316\/page\/4\/\"><span class=\"elementor-screen-only\">Page<\/span>4<\/a>\n<a class=\"page-numbers next\" href=\"https:\/\/www.saveurs-metiers.be\/fr\/wp-json\/wp\/v2\/pages\/316\/page\/2\/\">Next &raquo;<\/a>\t\t<\/nav>\n\t\t\t\t\t\t<\/div>\n\t\t\t\t<\/div>\n\t\t\t\t<\/div>\n\t\t\t\t\t<\/div>\n\t\t\t\t<\/div>\n\t\t\t\t<\/div>\n\t\t","protected":false},"excerpt":{"rendered":"<p>Bonne lecture sur le blog de Saveurs &#038; M\u00e9tiers De l&rsquo;inspiration et des infos savoureuses d\u00e9di\u00e9es aux m\u00e9tiers de bouche et au food retail&#8230;<\/p>\n","protected":false},"author":38,"featured_media":0,"parent":0,"menu_order":0,"comment_status":"closed","ping_status":"closed","template":"","meta":{"_seopress_robots_primary_cat":"","_seopress_titles_title":"","_seopress_titles_desc":"","_seopress_robots_index":"","footnotes":""},"class_list":["post-316","page","type-page","status-publish","hentry"],"_links":{"self":[{"href":"https:\/\/www.saveurs-metiers.be\/fr\/wp-json\/wp\/v2\/pages\/316","targetHints":{"allow":["GET"]}}],"collection":[{"href":"https:\/\/www.saveurs-metiers.be\/fr\/wp-json\/wp\/v2\/pages"}],"about":[{"href":"https:\/\/www.saveurs-metiers.be\/fr\/wp-json\/wp\/v2\/types\/page"}],"author":[{"embeddable":true,"href":"https:\/\/www.saveurs-metiers.be\/fr\/wp-json\/wp\/v2\/users\/38"}],"replies":[{"embeddable":true,"href":"https:\/\/www.saveurs-metiers.be\/fr\/wp-json\/wp\/v2\/comments?post=316"}],"version-history":[{"count":5,"href":"https:\/\/www.saveurs-metiers.be\/fr\/wp-json\/wp\/v2\/pages\/316\/revisions"}],"predecessor-version":[{"id":35112,"href":"https:\/\/www.saveurs-metiers.be\/fr\/wp-json\/wp\/v2\/pages\/316\/revisions\/35112"}],"wp:attachment":[{"href":"https:\/\/www.saveurs-metiers.be\/fr\/wp-json\/wp\/v2\/media?parent=316"}],"curies":[{"name":"wp","href":"https:\/\/api.w.org\/{rel}","templated":true}]}}